{"id":5757,"date":"2019-11-05T12:18:50","date_gmt":"2019-11-05T12:18:50","guid":{"rendered":"https:\/\/elementor.zozothemes.com\/zegen\/ministries-copy\/"},"modified":"2024-05-14T15:35:31","modified_gmt":"2024-05-14T15:35:31","slug":"agenda","status":"publish","type":"page","link":"https:\/\/igrejadocastelo.pt\/en\/agenda\/","title":{"rendered":"Agenda"},"content":{"rendered":"<div data-elementor-type=\"wp-page\" data-elementor-id=\"5757\" class=\"elementor elementor-5757\">\n\t\t\t\t\t\t<section class=\"elementor-section elementor-top-section elementor-element elementor-element-85bde7f elementor-section-boxed elementor-section-height-default elementor-section-height-default\" data-id=\"85bde7f\" data-element_type=\"section\" data-e-type=\"section\" data-settings=\"{&quot;background_background&quot;:&quot;classic&quot;}\">\n\t\t\t\t\t\t\t<div class=\"elementor-background-overlay\"><\/div>\n\t\t\t\t\t\t\t<div class=\"elementor-container elementor-column-gap-default\">\n\t\t\t\t\t<div class=\"elementor-column elementor-col-100 elementor-top-column elementor-element elementor-element-1f792f8\" data-id=\"1f792f8\" data-element_type=\"column\" data-e-type=\"column\">\n\t\t\t<div class=\"elementor-widget-wrap elementor-element-populated\">\n\t\t\t\t\t\t<div class=\"elementor-element elementor-element-a2f516e elementor-widget elementor-widget-zegenevent\" data-id=\"a2f516e\" data-element_type=\"widget\" data-e-type=\"widget\" data-widget_type=\"zegenevent.default\">\n\t\t\t\t<div class=\"elementor-widget-container\">\n\t\t\t\t\t<div class=\"event-wrapper event-modern event-light shortcode-rand-1 zegen-inline-css\" data-css=\"&quot;.shortcode-rand-1.event-wrapper .event-inner &gt; *:nth-child(1) { margin-bottom: 0px; }&quot;\"><div class=\"row\"><div class=\"col-lg-4 col-md-4\"><div class=\"event-inner\"><span class=\"event-status\">Event closed.<\/span><div class=\"post-thumb\"><img fetchpriority=\"high\" decoding=\"async\" height=\"600\" width=\"768\" class=\"img-fluid\" alt=\"Visitas orientadas \u00e0 Igreja do Castelo\" src=\"https:\/\/igrejadocastelo.pt\/wp-content\/uploads\/2025\/11\/Visitas-guiadas-site-torre.png\"\/><\/div><!-- .post-thumb --><div class=\"event-date\">27 December, 2025<span class=\"event-time\">10:00 12:00<\/span><\/div><!-- .event-date --><div class=\"entry-title\"><h4 class=\"post-title-head\"><a href=\"https:\/\/igrejadocastelo.pt\/en\/event\/visitas-orientadas-a-igreja-do-castelo-5\/\" class=\"post-title\">Guided tours of the Igreja do Castelo<\/a><\/h4><\/div><!-- .entry-title --><\/div><!-- .event-inner --><\/div><!-- .cols --><div class=\"col-lg-4 col-md-4\"><div class=\"event-inner\"><span class=\"event-status\">Event closed.<\/span><div class=\"post-thumb\"><img fetchpriority=\"high\" decoding=\"async\" height=\"600\" width=\"768\" class=\"img-fluid\" alt=\"Visitas orientadas \u00e0 Igreja do Castelo\" src=\"https:\/\/igrejadocastelo.pt\/wp-content\/uploads\/2025\/11\/Visitas-guiadas-site-torre.png\"\/><\/div><!-- .post-thumb --><div class=\"event-date\">20 December, 2025<span class=\"event-time\">10:00 12:00<\/span><\/div><!-- .event-date --><div class=\"entry-title\"><h4 class=\"post-title-head\"><a href=\"https:\/\/igrejadocastelo.pt\/en\/event\/visitas-orientadas-a-igreja-do-castelo-4\/\" class=\"post-title\">Guided tours of the Igreja do Castelo<\/a><\/h4><\/div><!-- .entry-title --><\/div><!-- .event-inner --><\/div><!-- .cols --><div class=\"col-lg-4 col-md-4\"><div class=\"event-inner\"><span class=\"event-status\">Event closed.<\/span><div class=\"post-thumb\"><img fetchpriority=\"high\" decoding=\"async\" height=\"600\" width=\"768\" class=\"img-fluid\" alt=\"Visitas orientadas \u00e0 Igreja do Castelo\" src=\"https:\/\/igrejadocastelo.pt\/wp-content\/uploads\/2025\/11\/Visitas-guiadas-site-torre.png\"\/><\/div><!-- .post-thumb --><div class=\"event-date\">13 December, 2025<span class=\"event-time\">10:00 12:00<\/span><\/div><!-- .event-date --><div class=\"entry-title\"><h4 class=\"post-title-head\"><a href=\"https:\/\/igrejadocastelo.pt\/en\/event\/visitas-orientadas-a-igreja-do-castelo-3\/\" class=\"post-title\">Guided tours of the Igreja do Castelo<\/a><\/h4><\/div><!-- .entry-title --><\/div><!-- .event-inner --><\/div><!-- .cols --><\/div><!-- .row --><div class=\"row\"><div class=\"col-lg-4 col-md-4\"><div class=\"event-inner\"><span class=\"event-status\">Event closed.<\/span><div class=\"post-thumb\"><img fetchpriority=\"high\" decoding=\"async\" height=\"600\" width=\"768\" class=\"img-fluid\" alt=\"Visitas orientadas \u00e0 Igreja do Castelo\" src=\"https:\/\/igrejadocastelo.pt\/wp-content\/uploads\/2025\/11\/Visitas-guiadas-site-torre.png\"\/><\/div><!-- .post-thumb --><div class=\"event-date\">6 December, 2025<span class=\"event-time\">10:00 12:00<\/span><\/div><!-- .event-date --><div class=\"entry-title\"><h4 class=\"post-title-head\"><a href=\"https:\/\/igrejadocastelo.pt\/en\/event\/visitas-orientadas-a-igreja-do-castelo-2\/\" class=\"post-title\">Guided tours of the Igreja do Castelo<\/a><\/h4><\/div><!-- .entry-title --><\/div><!-- .event-inner --><\/div><!-- .cols --><div class=\"col-lg-4 col-md-4\"><div class=\"event-inner\"><span class=\"event-status\">Event closed.<\/span><div class=\"post-thumb\"><img fetchpriority=\"high\" decoding=\"async\" height=\"600\" width=\"768\" class=\"img-fluid\" alt=\"Visitas orientadas \u00e0 Igreja do Castelo\" src=\"https:\/\/igrejadocastelo.pt\/wp-content\/uploads\/2025\/11\/Visitas-guiadas-site-torre.png\"\/><\/div><!-- .post-thumb --><div class=\"event-date\">29 November, 2025<span class=\"event-time\">10:00 12:00<\/span><\/div><!-- .event-date --><div class=\"entry-title\"><h4 class=\"post-title-head\"><a href=\"https:\/\/igrejadocastelo.pt\/en\/event\/visitas-orientadas-a-igreja-do-castelo\/\" class=\"post-title\">Guided tours of the Igreja do Castelo<\/a><\/h4><\/div><!-- .entry-title --><\/div><!-- .event-inner --><\/div><!-- .cols --><div class=\"col-lg-4 col-md-4\"><div class=\"event-inner\"><span class=\"event-status\">Event closed.<\/span><div class=\"post-thumb\"><img decoding=\"async\" height=\"600\" width=\"768\" class=\"img-fluid\" alt=\"Inaugura\u00e7\u00e3o da exposi\u00e7\u00e3o fotogr\u00e1fica Amor Causa\" src=\"https:\/\/igrejadocastelo.pt\/wp-content\/uploads\/2024\/10\/Amor-Causa-Bem-Aventurancas.jpg\"\/><\/div><!-- .post-thumb --><div class=\"event-date\">28 May, 2025<span class=\"event-time\">19:00<\/span><\/div><!-- .event-date --><div class=\"entry-title\"><h4 class=\"post-title-head\"><a href=\"https:\/\/igrejadocastelo.pt\/en\/event\/teste\/\" class=\"post-title\">Opening of the photo exhibition Amor Causa<\/a><\/h4><\/div><!-- .entry-title --><\/div><!-- .event-inner --><\/div><!-- .cols --><\/div><!-- .row --><\/div><!-- .event-wrapper -->\t\t\t\t<\/div>\n\t\t\t\t<\/div>\n\t\t\t\t\t<\/div>\n\t\t<\/div>\n\t\t\t\t\t<\/div>\n\t\t<\/section>\n\t\t\t\t<\/div>","protected":false},"excerpt":{"rendered":"<p>Mar 37.00 am Event: Reflect The Community And Serving<\/p>","protected":false},"author":1,"featured_media":0,"parent":0,"menu_order":0,"comment_status":"closed","ping_status":"closed","template":"","meta":{"footnotes":""},"class_list":["post-5757","page","type-page","status-publish","hentry"],"_links":{"self":[{"href":"https:\/\/igrejadocastelo.pt\/en\/wp-json\/wp\/v2\/pages\/5757","targetHints":{"allow":["GET"]}}],"collection":[{"href":"https:\/\/igrejadocastelo.pt\/en\/wp-json\/wp\/v2\/pages"}],"about":[{"href":"https:\/\/igrejadocastelo.pt\/en\/wp-json\/wp\/v2\/types\/page"}],"author":[{"embeddable":true,"href":"https:\/\/igrejadocastelo.pt\/en\/wp-json\/wp\/v2\/users\/1"}],"replies":[{"embeddable":true,"href":"https:\/\/igrejadocastelo.pt\/en\/wp-json\/wp\/v2\/comments?post=5757"}],"version-history":[{"count":11,"href":"https:\/\/igrejadocastelo.pt\/en\/wp-json\/wp\/v2\/pages\/5757\/revisions"}],"predecessor-version":[{"id":21626,"href":"https:\/\/igrejadocastelo.pt\/en\/wp-json\/wp\/v2\/pages\/5757\/revisions\/21626"}],"wp:attachment":[{"href":"https:\/\/igrejadocastelo.pt\/en\/wp-json\/wp\/v2\/media?parent=5757"}],"curies":[{"name":"wp","href":"https:\/\/api.w.org\/{rel}","templated":true}]}}