{"id":20577,"date":"2022-07-08T06:47:35","date_gmt":"2022-07-08T06:47:35","guid":{"rendered":"https:\/\/elementor.zozothemes.com\/zegen\/blog-masonry-right-sidebar-copy\/"},"modified":"2022-07-08T06:47:35","modified_gmt":"2022-07-08T06:47:35","slug":"blog-masonry-left-sidebar","status":"publish","type":"page","link":"https:\/\/igrejadocastelo.pt\/en\/blog-masonry-left-sidebar\/","title":{"rendered":"Blog Masonry + Left Sidebar"},"content":{"rendered":"<div data-elementor-type=\"wp-page\" data-elementor-id=\"20577\" class=\"elementor elementor-20577\">\n\t\t\t\t\t\t<section class=\"elementor-section elementor-top-section elementor-element elementor-element-57f7b15 elementor-section-stretched elementor-section-boxed elementor-section-height-default elementor-section-height-default\" data-id=\"57f7b15\" data-element_type=\"section\" data-e-type=\"section\" data-settings=\"{&quot;background_background&quot;:&quot;classic&quot;,&quot;stretch_section&quot;:&quot;section-stretched&quot;}\">\n\t\t\t\t\t\t\t<div class=\"elementor-background-overlay\"><\/div>\n\t\t\t\t\t\t\t<div class=\"elementor-container elementor-column-gap-default\">\n\t\t\t\t\t<div class=\"elementor-column elementor-col-50 elementor-top-column elementor-element elementor-element-df9bdfc elementor-hidden-tablet elementor-hidden-mobile\" data-id=\"df9bdfc\" data-element_type=\"column\" data-e-type=\"column\">\n\t\t\t<div class=\"elementor-widget-wrap elementor-element-populated\">\n\t\t\t\t\t\t<div class=\"elementor-element elementor-element-8151cd5 elementor-widget elementor-widget-sidebar\" data-id=\"8151cd5\" data-element_type=\"widget\" data-e-type=\"widget\" data-widget_type=\"sidebar.default\">\n\t\t\t\t<div class=\"elementor-widget-container\">\n\t\t\t\t\t<section id=\"search-3\" class=\"widget widget_search\">\r\n\t\t<form method=\"get\" class=\"search-form\" action=\"https:\/\/igrejadocastelo.pt\/en\/\" data-trp-original-action=\"https:\/\/igrejadocastelo.pt\/en\/\">\r\n\t\t\t<div class=\"input-group\">\r\n\t\t\t\t<input type=\"text\" class=\"form-control\" name=\"s\" value=\"\" placeholder=\"Search..\">\r\n\t\t\t\t<span class=\"input-group-btn\">\r\n\t\t\t\t\t<button class=\"btn btn-secondary\" type=\"submit\"><i class=\"ti-arrow-right\"><\/i><\/button>\r\n\t\t\t\t<\/span>\r\n\t\t\t<\/div>\r\n\t\t<input type=\"hidden\" name=\"trp-form-language\" value=\"en\"\/><\/form><\/section><section id=\"categories-3\" class=\"widget widget_categories\"><h3 class=\"widget-title\">Categories<\/h3>\n\t\t\t<ul>\n\t\t\t\t\t<li class=\"cat-item cat-item-81\"><a href=\"https:\/\/igrejadocastelo.pt\/en\/category\/noticia\/\">Not\u00edcia<\/a>\n<\/li>\n\t\t\t<\/ul>\n\n\t\t\t<\/section>\t\t\t\t<\/div>\n\t\t\t\t<\/div>\n\t\t\t\t\t<\/div>\n\t\t<\/div>\n\t\t\t\t<div class=\"elementor-column elementor-col-50 elementor-top-column elementor-element elementor-element-ca7adf5\" data-id=\"ca7adf5\" data-element_type=\"column\" data-e-type=\"column\">\n\t\t\t<div class=\"elementor-widget-wrap elementor-element-populated\">\n\t\t\t\t\t\t<div class=\"elementor-element elementor-element-983fdac elementor-invisible elementor-widget elementor-widget-zegenblog\" data-id=\"983fdac\" data-element_type=\"widget\" data-e-type=\"widget\" data-settings=\"{&quot;_animation&quot;:&quot;fadeInUp&quot;}\" data-widget_type=\"zegenblog.default\">\n\t\t\t\t\r\n\t\t<div class=\"elementor-widget-container blog-wrapper blog-style-classic blog-light blog-isotope-model shortcode-rand-1 zegen-inline-css\" data-css=\"&quot;.shortcode-rand-1.blog-wrapper .blog-inner &gt; *:nth-child(1) { margin-bottom: 0px; }.shortcode-rand-1.blog-wrapper .blog-inner &gt; *:nth-child(2) { margin-bottom: 0px; }.shortcode-rand-1.blog-wrapper .blog-inner &gt; *:nth-child(3) { margin-bottom: 0px; }&quot;\">\r\n\t\t\r\n\t\t\t<div class=\"isotope isotope-col-2\" data-cols=\"2\" data-gutter=\"30\" data-layout=\"masonry\" data-infinite=\"\" data-lazyload=\"\" data-loadmsg=\"Loading..\" data-loadend=\"No more posts..\" data-loadimg=\"https:\/\/igrejadocastelo.pt\/wp-content\/plugins\/zegen-core\/elementor-supports\/assets\/images\/infinite-loader.gif\"><div class=\"isotope-item\"><div class=\"blog-inner\"><div class=\"post-thumb\"><img fetchpriority=\"high\" decoding=\"async\" width=\"768\" height=\"600\" src=\"https:\/\/igrejadocastelo.pt\/wp-content\/uploads\/2025\/06\/exposicao-amor-causa-torre.jpg\" class=\"img-fluid wp-post-image\" alt=\"\" srcset=\"https:\/\/igrejadocastelo.pt\/wp-content\/uploads\/2025\/06\/exposicao-amor-causa-torre.jpg 768w, https:\/\/igrejadocastelo.pt\/wp-content\/uploads\/2025\/06\/exposicao-amor-causa-torre-15x12.jpg 15w, https:\/\/igrejadocastelo.pt\/wp-content\/uploads\/2025\/06\/exposicao-amor-causa-torre-600x469.jpg 600w\" sizes=\"(max-width: 768px) 100vw, 768px\" \/><\/div><!-- .post-thumb --><div class=\"top-meta clearfix\"><ul class=\"nav top-meta-list meta-left\"><li><div class=\"post-date\"><a href=\"https:\/\/igrejadocastelo.pt\/en\/2025\/06\/06\/\" ><i class=\"ti-calendar\"><\/i> 06\/06\/2025<\/a><\/div><\/li><\/ul><\/div><div class=\"entry-title\"><h4 class=\"post-title-head\"><a href=\"https:\/\/igrejadocastelo.pt\/en\/amor-causa-da-origem-a-uma-exposicao-na-igreja-de-santa-cruz-do-castelo-radio-renascenca\/\" class=\"post-title\">&#8220;Amor Causa d\u00e1 origem a uma exposi\u00e7\u00e3o na Igreja de Santa Cruz do Castelo&#8221;- R\u00e1dio Renascen\u00e7a<\/a><\/h4><\/div><!-- .entry-title --><div class=\"bottom-meta clearfix\"><ul class=\"nav bottom-meta-list meta-left\"><li><div class=\"post-more\"><a class=\"read-more\" href=\"https:\/\/igrejadocastelo.pt\/en\/amor-causa-da-origem-a-uma-exposicao-na-igreja-de-santa-cruz-do-castelo-radio-renascenca\/\">Read More<\/a><\/div><\/li><\/ul><\/div><\/div><!-- .blog-inner --><\/div><!-- .col \/ .owl-carousel-item \/ .isotope --><div class=\"isotope-item\"><div class=\"blog-inner\"><div class=\"post-thumb\"><img decoding=\"async\" width=\"768\" height=\"600\" src=\"https:\/\/igrejadocastelo.pt\/wp-content\/uploads\/2025\/06\/amor-causa-estado-com-arte.jpg\" class=\"img-fluid wp-post-image\" alt=\"\" srcset=\"https:\/\/igrejadocastelo.pt\/wp-content\/uploads\/2025\/06\/amor-causa-estado-com-arte.jpg 768w, https:\/\/igrejadocastelo.pt\/wp-content\/uploads\/2025\/06\/amor-causa-estado-com-arte-15x12.jpg 15w, https:\/\/igrejadocastelo.pt\/wp-content\/uploads\/2025\/06\/amor-causa-estado-com-arte-600x469.jpg 600w\" sizes=\"(max-width: 768px) 100vw, 768px\" \/><\/div><!-- .post-thumb --><div class=\"top-meta clearfix\"><ul class=\"nav top-meta-list meta-left\"><li><div class=\"post-date\"><a href=\"https:\/\/igrejadocastelo.pt\/en\/2025\/05\/31\/\" ><i class=\"ti-calendar\"><\/i> 31\/05\/2025<\/a><\/div><\/li><\/ul><\/div><div class=\"entry-title\"><h4 class=\"post-title-head\"><a href=\"https:\/\/igrejadocastelo.pt\/en\/exposicao-bem-aventurancas-de-francois-rousseau-na-torre-da-igreja-estado-com-arte\/\" class=\"post-title\">&#8220;Exposi\u00e7\u00e3o Bem-aventuran\u00e7as de Fran\u00e7ois Rousseau na Torre da Igreja&#8221; &#8211; Estado Com Arte<\/a><\/h4><\/div><!-- .entry-title --><div class=\"bottom-meta clearfix\"><ul class=\"nav bottom-meta-list meta-left\"><li><div class=\"post-more\"><a class=\"read-more\" href=\"https:\/\/igrejadocastelo.pt\/en\/exposicao-bem-aventurancas-de-francois-rousseau-na-torre-da-igreja-estado-com-arte\/\">Read More<\/a><\/div><\/li><\/ul><\/div><\/div><!-- .blog-inner --><\/div><!-- .col \/ .owl-carousel-item \/ .isotope --><div class=\"isotope-item\"><div class=\"blog-inner\"><div class=\"post-thumb\"><img decoding=\"async\" width=\"768\" height=\"600\" src=\"https:\/\/igrejadocastelo.pt\/wp-content\/uploads\/2025\/06\/amor-causa-publico.jpg\" class=\"img-fluid wp-post-image\" alt=\"\" srcset=\"https:\/\/igrejadocastelo.pt\/wp-content\/uploads\/2025\/06\/amor-causa-publico.jpg 768w, https:\/\/igrejadocastelo.pt\/wp-content\/uploads\/2025\/06\/amor-causa-publico-15x12.jpg 15w, https:\/\/igrejadocastelo.pt\/wp-content\/uploads\/2025\/06\/amor-causa-publico-600x469.jpg 600w\" sizes=\"(max-width: 768px) 100vw, 768px\" \/><\/div><!-- .post-thumb --><div class=\"top-meta clearfix\"><ul class=\"nav top-meta-list meta-left\"><li><div class=\"post-date\"><a href=\"https:\/\/igrejadocastelo.pt\/en\/2025\/05\/31\/\" ><i class=\"ti-calendar\"><\/i> 31\/05\/2025<\/a><\/div><\/li><\/ul><\/div><div class=\"entry-title\"><h4 class=\"post-title-head\"><a href=\"https:\/\/igrejadocastelo.pt\/en\/fotos-de-favelas-do-rio-recriam-os-apostolos-e-chegam-a-igreja-em-lisboa-publico\/\" class=\"post-title\">&#8220;Fotos de favelas do Rio recriam os Ap\u00f3stolos e chegam \u00e0 igreja em Lisboa&#8221; &#8211; P\u00fablico<\/a><\/h4><\/div><!-- .entry-title --><div class=\"bottom-meta clearfix\"><ul class=\"nav bottom-meta-list meta-left\"><li><div class=\"post-more\"><a class=\"read-more\" href=\"https:\/\/igrejadocastelo.pt\/en\/fotos-de-favelas-do-rio-recriam-os-apostolos-e-chegam-a-igreja-em-lisboa-publico\/\">Read More<\/a><\/div><\/li><\/ul><\/div><\/div><!-- .blog-inner --><\/div><!-- .col \/ .owl-carousel-item \/ .isotope --><div class=\"isotope-item\"><div class=\"blog-inner\"><div class=\"post-thumb\"><img loading=\"lazy\" decoding=\"async\" width=\"768\" height=\"600\" src=\"https:\/\/igrejadocastelo.pt\/wp-content\/uploads\/2025\/06\/Torre-da-igreja-bem-aventurancas-exposicao.jpg\" class=\"img-fluid wp-post-image\" alt=\"\" srcset=\"https:\/\/igrejadocastelo.pt\/wp-content\/uploads\/2025\/06\/Torre-da-igreja-bem-aventurancas-exposicao.jpg 768w, https:\/\/igrejadocastelo.pt\/wp-content\/uploads\/2025\/06\/Torre-da-igreja-bem-aventurancas-exposicao-15x12.jpg 15w, https:\/\/igrejadocastelo.pt\/wp-content\/uploads\/2025\/06\/Torre-da-igreja-bem-aventurancas-exposicao-600x469.jpg 600w\" sizes=\"(max-width: 768px) 100vw, 768px\" \/><\/div><!-- .post-thumb --><div class=\"top-meta clearfix\"><ul class=\"nav top-meta-list meta-left\"><li><div class=\"post-date\"><a href=\"https:\/\/igrejadocastelo.pt\/en\/2025\/05\/29\/\" ><i class=\"ti-calendar\"><\/i> 29\/05\/2025<\/a><\/div><\/li><\/ul><\/div><div class=\"entry-title\"><h4 class=\"post-title-head\"><a href=\"https:\/\/igrejadocastelo.pt\/en\/bem-aventurancas-em-exposicao-na-torre-da-igreja-de-santa-cruz-do-castelo-shopping-spirit-news\/\" class=\"post-title\">&#8220;Bem-Aventuran\u00e7as em exposi\u00e7\u00e3o na Torre da Igreja de Santa Cruz do Castelo&#8221; &#8211; Shopping Spirit News<\/a><\/h4><\/div><!-- .entry-title --><div class=\"bottom-meta clearfix\"><ul class=\"nav bottom-meta-list meta-left\"><li><div class=\"post-more\"><a class=\"read-more\" href=\"https:\/\/igrejadocastelo.pt\/en\/bem-aventurancas-em-exposicao-na-torre-da-igreja-de-santa-cruz-do-castelo-shopping-spirit-news\/\">Read More<\/a><\/div><\/li><\/ul><\/div><\/div><!-- .blog-inner --><\/div><!-- .col \/ .owl-carousel-item \/ .isotope --><div class=\"isotope-item\"><div class=\"blog-inner\"><div class=\"post-thumb\"><img loading=\"lazy\" decoding=\"async\" width=\"768\" height=\"600\" src=\"https:\/\/igrejadocastelo.pt\/wp-content\/uploads\/2025\/06\/amor-causa-eco.jpg\" class=\"img-fluid wp-post-image\" alt=\"\" srcset=\"https:\/\/igrejadocastelo.pt\/wp-content\/uploads\/2025\/06\/amor-causa-eco.jpg 768w, https:\/\/igrejadocastelo.pt\/wp-content\/uploads\/2025\/06\/amor-causa-eco-15x12.jpg 15w, https:\/\/igrejadocastelo.pt\/wp-content\/uploads\/2025\/06\/amor-causa-eco-600x469.jpg 600w\" sizes=\"(max-width: 768px) 100vw, 768px\" \/><\/div><!-- .post-thumb --><div class=\"top-meta clearfix\"><ul class=\"nav top-meta-list meta-left\"><li><div class=\"post-date\"><a href=\"https:\/\/igrejadocastelo.pt\/en\/2025\/05\/29\/\" ><i class=\"ti-calendar\"><\/i> 29\/05\/2025<\/a><\/div><\/li><\/ul><\/div><div class=\"entry-title\"><h4 class=\"post-title-head\"><a href=\"https:\/\/igrejadocastelo.pt\/en\/renova-inaugura-exposicao-de-fotografia-que-retrata-as-bem-aventurancas-na-igreja-do-castelo-eco\/\" class=\"post-title\">&#8220;Renova inaugura exposi\u00e7\u00e3o de fotografia que retrata as bem-aventuran\u00e7as na Igreja do Castelo&#8221; &#8211; Eco<\/a><\/h4><\/div><!-- .entry-title --><div class=\"bottom-meta clearfix\"><ul class=\"nav bottom-meta-list meta-left\"><li><div class=\"post-more\"><a class=\"read-more\" href=\"https:\/\/igrejadocastelo.pt\/en\/renova-inaugura-exposicao-de-fotografia-que-retrata-as-bem-aventurancas-na-igreja-do-castelo-eco\/\">Read More<\/a><\/div><\/li><\/ul><\/div><\/div><!-- .blog-inner --><\/div><!-- .col \/ .owl-carousel-item \/ .isotope --><div class=\"isotope-item\"><div class=\"blog-inner\"><div class=\"post-thumb\"><img loading=\"lazy\" decoding=\"async\" width=\"768\" height=\"600\" src=\"https:\/\/igrejadocastelo.pt\/wp-content\/uploads\/2025\/06\/francois-rousseau-amorcausa.jpg\" class=\"img-fluid wp-post-image\" alt=\"\" srcset=\"https:\/\/igrejadocastelo.pt\/wp-content\/uploads\/2025\/06\/francois-rousseau-amorcausa.jpg 768w, https:\/\/igrejadocastelo.pt\/wp-content\/uploads\/2025\/06\/francois-rousseau-amorcausa-15x12.jpg 15w, https:\/\/igrejadocastelo.pt\/wp-content\/uploads\/2025\/06\/francois-rousseau-amorcausa-600x469.jpg 600w\" sizes=\"(max-width: 768px) 100vw, 768px\" \/><\/div><!-- .post-thumb --><div class=\"top-meta clearfix\"><ul class=\"nav top-meta-list meta-left\"><li><div class=\"post-date\"><a href=\"https:\/\/igrejadocastelo.pt\/en\/2025\/05\/29\/\" ><i class=\"ti-calendar\"><\/i> 29\/05\/2025<\/a><\/div><\/li><\/ul><\/div><div class=\"entry-title\"><h4 class=\"post-title-head\"><a href=\"https:\/\/igrejadocastelo.pt\/en\/francois-rousseau-bem-aventurancas-agenda-cultural-de-lisboa\/\" class=\"post-title\">&#8220;Fran\u00e7ois Rousseau-Bem Aventuran\u00e7as&#8221; &#8211; Agenda Cultural de Lisboa<\/a><\/h4><\/div><!-- .entry-title --><div class=\"bottom-meta clearfix\"><ul class=\"nav bottom-meta-list meta-left\"><li><div class=\"post-more\"><a class=\"read-more\" href=\"https:\/\/igrejadocastelo.pt\/en\/francois-rousseau-bem-aventurancas-agenda-cultural-de-lisboa\/\">Read More<\/a><\/div><\/li><\/ul><\/div><\/div><!-- .blog-inner --><\/div><!-- .col \/ .owl-carousel-item \/ .isotope --><div class=\"isotope-item\"><div class=\"blog-inner\"><div class=\"post-thumb\"><img loading=\"lazy\" decoding=\"async\" width=\"768\" height=\"600\" src=\"https:\/\/igrejadocastelo.pt\/wp-content\/uploads\/2025\/06\/Renova-amor-causa-news.png\" class=\"img-fluid wp-post-image\" alt=\"\" srcset=\"https:\/\/igrejadocastelo.pt\/wp-content\/uploads\/2025\/06\/Renova-amor-causa-news.png 768w, https:\/\/igrejadocastelo.pt\/wp-content\/uploads\/2025\/06\/Renova-amor-causa-news-15x12.png 15w, https:\/\/igrejadocastelo.pt\/wp-content\/uploads\/2025\/06\/Renova-amor-causa-news-600x469.png 600w\" sizes=\"(max-width: 768px) 100vw, 768px\" \/><\/div><!-- .post-thumb --><div class=\"top-meta clearfix\"><ul class=\"nav top-meta-list meta-left\"><li><div class=\"post-date\"><a href=\"https:\/\/igrejadocastelo.pt\/en\/2025\/05\/29\/\" ><i class=\"ti-calendar\"><\/i> 29\/05\/2025<\/a><\/div><\/li><\/ul><\/div><div class=\"entry-title\"><h4 class=\"post-title-head\"><a href=\"https:\/\/igrejadocastelo.pt\/en\/renova-inaugura-exposicao-de-fotografia-briefing\/\" class=\"post-title\">&#8220;Renova inaugura exposi\u00e7\u00e3o de fotografia&#8221; &#8211; Briefing<\/a><\/h4><\/div><!-- .entry-title --><div class=\"bottom-meta clearfix\"><ul class=\"nav bottom-meta-list meta-left\"><li><div class=\"post-more\"><a class=\"read-more\" href=\"https:\/\/igrejadocastelo.pt\/en\/renova-inaugura-exposicao-de-fotografia-briefing\/\">Read More<\/a><\/div><\/li><\/ul><\/div><\/div><!-- .blog-inner --><\/div><!-- .col \/ .owl-carousel-item \/ .isotope --><div class=\"isotope-item\"><div class=\"blog-inner\"><div class=\"post-thumb\"><img loading=\"lazy\" decoding=\"async\" width=\"768\" height=\"600\" src=\"https:\/\/igrejadocastelo.pt\/wp-content\/uploads\/2025\/05\/amor-causa-ecclesia.jpg\" class=\"img-fluid wp-post-image\" alt=\"\" srcset=\"https:\/\/igrejadocastelo.pt\/wp-content\/uploads\/2025\/05\/amor-causa-ecclesia.jpg 768w, https:\/\/igrejadocastelo.pt\/wp-content\/uploads\/2025\/05\/amor-causa-ecclesia-15x12.jpg 15w, https:\/\/igrejadocastelo.pt\/wp-content\/uploads\/2025\/05\/amor-causa-ecclesia-600x469.jpg 600w\" sizes=\"(max-width: 768px) 100vw, 768px\" \/><\/div><!-- .post-thumb --><div class=\"top-meta clearfix\"><ul class=\"nav top-meta-list meta-left\"><li><div class=\"post-date\"><a href=\"https:\/\/igrejadocastelo.pt\/en\/2025\/05\/28\/\" ><i class=\"ti-calendar\"><\/i> 28\/05\/2025<\/a><\/div><\/li><\/ul><\/div><div class=\"entry-title\"><h4 class=\"post-title-head\"><a href=\"https:\/\/igrejadocastelo.pt\/en\/igreja-de-santa-cruz-do-castelo-inaugura-exposicao-fotografica-amor-causa-agencia-ecclesia\/\" class=\"post-title\">&#8220;Igreja de Santa Cruz do Castelo inaugura exposi\u00e7\u00e3o fotogr\u00e1fica Amor Causa&#8221; &#8211; Ag\u00eancia Ecclesia<\/a><\/h4><\/div><!-- .entry-title --><div class=\"bottom-meta clearfix\"><ul class=\"nav bottom-meta-list meta-left\"><li><div class=\"post-more\"><a class=\"read-more\" href=\"https:\/\/igrejadocastelo.pt\/en\/igreja-de-santa-cruz-do-castelo-inaugura-exposicao-fotografica-amor-causa-agencia-ecclesia\/\">Read More<\/a><\/div><\/li><\/ul><\/div><\/div><!-- .blog-inner --><\/div><!-- .col \/ .owl-carousel-item \/ .isotope --><\/div><!-- .isotope -->\t\t\t\r\n\t\t<\/div>\r\n\t\t\t\t<\/div>\n\t\t\t\t\t<\/div>\n\t\t<\/div>\n\t\t\t\t\t<\/div>\n\t\t<\/section>\n\t\t\t\t<\/div>","protected":false},"excerpt":{"rendered":"<p>Oct 21, 2019 Giving Back \u2013 Uganda Training Centers Read More Oct 21, 2019 Spirit Of The Lord Is, From The New Life Read More Oct 20, 2019 Help End the Water Crisis For Families Read More Apr 19, 2019 Pray for Help to Save Mattia\u2019s Life Read More Apr 19, 2019 Help Refugees Rebuild<\/p>","protected":false},"author":1,"featured_media":0,"parent":0,"menu_order":0,"comment_status":"closed","ping_status":"closed","template":"","meta":{"footnotes":""},"class_list":["post-20577","page","type-page","status-publish","hentry"],"_links":{"self":[{"href":"https:\/\/igrejadocastelo.pt\/en\/wp-json\/wp\/v2\/pages\/20577","targetHints":{"allow":["GET"]}}],"collection":[{"href":"https:\/\/igrejadocastelo.pt\/en\/wp-json\/wp\/v2\/pages"}],"about":[{"href":"https:\/\/igrejadocastelo.pt\/en\/wp-json\/wp\/v2\/types\/page"}],"author":[{"embeddable":true,"href":"https:\/\/igrejadocastelo.pt\/en\/wp-json\/wp\/v2\/users\/1"}],"replies":[{"embeddable":true,"href":"https:\/\/igrejadocastelo.pt\/en\/wp-json\/wp\/v2\/comments?post=20577"}],"version-history":[{"count":0,"href":"https:\/\/igrejadocastelo.pt\/en\/wp-json\/wp\/v2\/pages\/20577\/revisions"}],"wp:attachment":[{"href":"https:\/\/igrejadocastelo.pt\/en\/wp-json\/wp\/v2\/media?parent=20577"}],"curies":[{"name":"wp","href":"https:\/\/api.w.org\/{rel}","templated":true}]}}