{"id":20501,"date":"2022-07-08T05:32:00","date_gmt":"2022-07-08T05:32:00","guid":{"rendered":"https:\/\/elementor.zozothemes.com\/zegen\/blog-grid-2-copy\/"},"modified":"2022-07-08T05:32:00","modified_gmt":"2022-07-08T05:32:00","slug":"blog-grid-left-sidebar","status":"publish","type":"page","link":"https:\/\/igrejadocastelo.pt\/en\/blog-grid-left-sidebar\/","title":{"rendered":"Blog Grid Left Sidebar"},"content":{"rendered":"<div data-elementor-type=\"wp-page\" data-elementor-id=\"20501\" class=\"elementor elementor-20501\">\n\t\t\t\t\t\t<section class=\"elementor-section elementor-top-section elementor-element elementor-element-57f7b15 elementor-section-stretched elementor-section-boxed elementor-section-height-default elementor-section-height-default\" data-id=\"57f7b15\" data-element_type=\"section\" data-e-type=\"section\" data-settings=\"{&quot;background_background&quot;:&quot;classic&quot;,&quot;stretch_section&quot;:&quot;section-stretched&quot;}\">\n\t\t\t\t\t\t\t<div class=\"elementor-background-overlay\"><\/div>\n\t\t\t\t\t\t\t<div class=\"elementor-container elementor-column-gap-default\">\n\t\t\t\t\t<div class=\"elementor-column elementor-col-50 elementor-top-column elementor-element elementor-element-df9bdfc elementor-hidden-tablet elementor-hidden-mobile\" data-id=\"df9bdfc\" data-element_type=\"column\" data-e-type=\"column\">\n\t\t\t<div class=\"elementor-widget-wrap elementor-element-populated\">\n\t\t\t\t\t\t<div class=\"elementor-element elementor-element-8151cd5 elementor-widget elementor-widget-sidebar\" data-id=\"8151cd5\" data-element_type=\"widget\" data-e-type=\"widget\" data-widget_type=\"sidebar.default\">\n\t\t\t\t<div class=\"elementor-widget-container\">\n\t\t\t\t\t<section id=\"search-3\" class=\"widget widget_search\">\r\n\t\t<form method=\"get\" class=\"search-form\" action=\"https:\/\/igrejadocastelo.pt\/en\/\" data-trp-original-action=\"https:\/\/igrejadocastelo.pt\/en\/\">\r\n\t\t\t<div class=\"input-group\">\r\n\t\t\t\t<input type=\"text\" class=\"form-control\" name=\"s\" value=\"\" placeholder=\"Search..\">\r\n\t\t\t\t<span class=\"input-group-btn\">\r\n\t\t\t\t\t<button class=\"btn btn-secondary\" type=\"submit\"><i class=\"ti-arrow-right\"><\/i><\/button>\r\n\t\t\t\t<\/span>\r\n\t\t\t<\/div>\r\n\t\t<input type=\"hidden\" name=\"trp-form-language\" value=\"en\"\/><\/form><\/section><section id=\"categories-3\" class=\"widget widget_categories\"><h3 class=\"widget-title\">Categories<\/h3>\n\t\t\t<ul>\n\t\t\t\t\t<li class=\"cat-item cat-item-81\"><a href=\"https:\/\/igrejadocastelo.pt\/en\/category\/noticia\/\">Not\u00edcia<\/a>\n<\/li>\n\t\t\t<\/ul>\n\n\t\t\t<\/section>\t\t\t\t<\/div>\n\t\t\t\t<\/div>\n\t\t\t\t\t<\/div>\n\t\t<\/div>\n\t\t\t\t<div class=\"elementor-column elementor-col-50 elementor-top-column elementor-element elementor-element-ca7adf5\" data-id=\"ca7adf5\" data-element_type=\"column\" data-e-type=\"column\">\n\t\t\t<div class=\"elementor-widget-wrap elementor-element-populated\">\n\t\t\t\t\t\t<div class=\"elementor-element elementor-element-983fdac elementor-invisible elementor-widget elementor-widget-zegenblog\" data-id=\"983fdac\" data-element_type=\"widget\" data-e-type=\"widget\" data-settings=\"{&quot;_animation&quot;:&quot;fadeInUp&quot;}\" data-widget_type=\"zegenblog.default\">\n\t\t\t\t\r\n\t\t<div class=\"elementor-widget-container blog-wrapper blog-style-classic-pro blog-light blog-normal-model shortcode-rand-1 zegen-inline-css\" data-css=\"&quot;.shortcode-rand-1.blog-wrapper .blog-inner .post-details-outer &gt; *:nth-child(1) { margin-bottom: 0px; }.shortcode-rand-1.blog-wrapper .blog-inner .post-details-outer &gt; *:nth-child(2) { margin-bottom: 0px; }.shortcode-rand-1.blog-wrapper .blog-inner .post-details-outer &gt; *:nth-child(3) { margin-bottom: 0px; }&quot;\">\r\n\t\t\r\n\t\t\t<div class=\"row\"><div class=\"col-lg-6 col-md-6\"><div class=\"blog-inner\"><div class=\"post-thumb\"><img fetchpriority=\"high\" decoding=\"async\" height=\"600\" width=\"768\" class=\"img-fluid\" alt=\"&#8220;Amor Causa d\u00e1 origem a uma exposi\u00e7\u00e3o na Igreja de Santa Cruz do Castelo&#8221;- R\u00e1dio Renascen\u00e7a\" src=\"https:\/\/igrejadocastelo.pt\/wp-content\/uploads\/2025\/06\/exposicao-amor-causa-torre.jpg\"\/><\/div><!-- .post-thumb --><div class=\"post-details-outer\"><div class=\"top-meta clearfix\"><ul class=\"nav top-meta-list meta-left\"><li><div class=\"post-date\"><a href=\"https:\/\/igrejadocastelo.pt\/en\/2025\/06\/06\/\" ><i class=\"ti-calendar\"><\/i> 06\/06\/2025<\/a><\/div><\/li><\/ul><\/div><div class=\"entry-title\"><h4 class=\"post-title-head\"><a href=\"https:\/\/igrejadocastelo.pt\/en\/amor-causa-da-origem-a-uma-exposicao-na-igreja-de-santa-cruz-do-castelo-radio-renascenca\/\" class=\"post-title\">&#8220;Amor Causa d\u00e1 origem a uma exposi\u00e7\u00e3o na Igreja de Santa Cruz do Castelo&#8221;- R\u00e1dio Renascen\u00e7a<\/a><\/h4><\/div><!-- .entry-title --><div class=\"bottom-meta clearfix\"><ul class=\"nav bottom-meta-list meta-left\"><li><div class=\"post-more\"><a class=\"read-more\" href=\"https:\/\/igrejadocastelo.pt\/en\/amor-causa-da-origem-a-uma-exposicao-na-igreja-de-santa-cruz-do-castelo-radio-renascenca\/\">Read More<\/a><\/div><\/li><\/ul><\/div><\/div><!-- .post-details-outer --><\/div><!-- .blog-inner --><\/div><!-- .col \/ .owl-carousel-item \/ .isotope --><div class=\"col-lg-6 col-md-6\"><div class=\"blog-inner\"><div class=\"post-thumb\"><img decoding=\"async\" height=\"600\" width=\"768\" class=\"img-fluid\" alt=\"&#8220;Exposi\u00e7\u00e3o Bem-aventuran\u00e7as de Fran\u00e7ois Rousseau na Torre da Igreja&#8221; &#8211; Estado Com Arte\" src=\"https:\/\/igrejadocastelo.pt\/wp-content\/uploads\/2025\/06\/amor-causa-estado-com-arte.jpg\"\/><\/div><!-- .post-thumb --><div class=\"post-details-outer\"><div class=\"top-meta clearfix\"><ul class=\"nav top-meta-list meta-left\"><li><div class=\"post-date\"><a href=\"https:\/\/igrejadocastelo.pt\/en\/2025\/05\/31\/\" ><i class=\"ti-calendar\"><\/i> 31\/05\/2025<\/a><\/div><\/li><\/ul><\/div><div class=\"entry-title\"><h4 class=\"post-title-head\"><a href=\"https:\/\/igrejadocastelo.pt\/en\/exposicao-bem-aventurancas-de-francois-rousseau-na-torre-da-igreja-estado-com-arte\/\" class=\"post-title\">&#8220;Exposi\u00e7\u00e3o Bem-aventuran\u00e7as de Fran\u00e7ois Rousseau na Torre da Igreja&#8221; &#8211; Estado Com Arte<\/a><\/h4><\/div><!-- .entry-title --><div class=\"bottom-meta clearfix\"><ul class=\"nav bottom-meta-list meta-left\"><li><div class=\"post-more\"><a class=\"read-more\" href=\"https:\/\/igrejadocastelo.pt\/en\/exposicao-bem-aventurancas-de-francois-rousseau-na-torre-da-igreja-estado-com-arte\/\">Read More<\/a><\/div><\/li><\/ul><\/div><\/div><!-- .post-details-outer --><\/div><!-- .blog-inner --><\/div><!-- .col \/ .owl-carousel-item \/ .isotope --><\/div><!-- .row --><div class=\"row\"><div class=\"col-lg-6 col-md-6\"><div class=\"blog-inner\"><div class=\"post-thumb\"><img decoding=\"async\" height=\"600\" width=\"768\" class=\"img-fluid\" alt=\"&#8220;Fotos de favelas do Rio recriam os Ap\u00f3stolos e chegam \u00e0 igreja em Lisboa&#8221; &#8211; P\u00fablico\" src=\"https:\/\/igrejadocastelo.pt\/wp-content\/uploads\/2025\/06\/amor-causa-publico.jpg\"\/><\/div><!-- .post-thumb --><div class=\"post-details-outer\"><div class=\"top-meta clearfix\"><ul class=\"nav top-meta-list meta-left\"><li><div class=\"post-date\"><a href=\"https:\/\/igrejadocastelo.pt\/en\/2025\/05\/31\/\" ><i class=\"ti-calendar\"><\/i> 31\/05\/2025<\/a><\/div><\/li><\/ul><\/div><div class=\"entry-title\"><h4 class=\"post-title-head\"><a href=\"https:\/\/igrejadocastelo.pt\/en\/fotos-de-favelas-do-rio-recriam-os-apostolos-e-chegam-a-igreja-em-lisboa-publico\/\" class=\"post-title\">&#8220;Fotos de favelas do Rio recriam os Ap\u00f3stolos e chegam \u00e0 igreja em Lisboa&#8221; &#8211; P\u00fablico<\/a><\/h4><\/div><!-- .entry-title --><div class=\"bottom-meta clearfix\"><ul class=\"nav bottom-meta-list meta-left\"><li><div class=\"post-more\"><a class=\"read-more\" href=\"https:\/\/igrejadocastelo.pt\/en\/fotos-de-favelas-do-rio-recriam-os-apostolos-e-chegam-a-igreja-em-lisboa-publico\/\">Read More<\/a><\/div><\/li><\/ul><\/div><\/div><!-- .post-details-outer --><\/div><!-- .blog-inner --><\/div><!-- .col \/ .owl-carousel-item \/ .isotope --><div class=\"col-lg-6 col-md-6\"><div class=\"blog-inner\"><div class=\"post-thumb\"><img loading=\"lazy\" decoding=\"async\" height=\"600\" width=\"768\" class=\"img-fluid\" alt=\"&#8220;Bem-Aventuran\u00e7as em exposi\u00e7\u00e3o na Torre da Igreja de Santa Cruz do Castelo&#8221; &#8211; Shopping Spirit News\" src=\"https:\/\/igrejadocastelo.pt\/wp-content\/uploads\/2025\/06\/Torre-da-igreja-bem-aventurancas-exposicao.jpg\"\/><\/div><!-- .post-thumb --><div class=\"post-details-outer\"><div class=\"top-meta clearfix\"><ul class=\"nav top-meta-list meta-left\"><li><div class=\"post-date\"><a href=\"https:\/\/igrejadocastelo.pt\/en\/2025\/05\/29\/\" ><i class=\"ti-calendar\"><\/i> 29\/05\/2025<\/a><\/div><\/li><\/ul><\/div><div class=\"entry-title\"><h4 class=\"post-title-head\"><a href=\"https:\/\/igrejadocastelo.pt\/en\/bem-aventurancas-em-exposicao-na-torre-da-igreja-de-santa-cruz-do-castelo-shopping-spirit-news\/\" class=\"post-title\">&#8220;Bem-Aventuran\u00e7as em exposi\u00e7\u00e3o na Torre da Igreja de Santa Cruz do Castelo&#8221; &#8211; Shopping Spirit News<\/a><\/h4><\/div><!-- .entry-title --><div class=\"bottom-meta clearfix\"><ul class=\"nav bottom-meta-list meta-left\"><li><div class=\"post-more\"><a class=\"read-more\" href=\"https:\/\/igrejadocastelo.pt\/en\/bem-aventurancas-em-exposicao-na-torre-da-igreja-de-santa-cruz-do-castelo-shopping-spirit-news\/\">Read More<\/a><\/div><\/li><\/ul><\/div><\/div><!-- .post-details-outer --><\/div><!-- .blog-inner --><\/div><!-- .col \/ .owl-carousel-item \/ .isotope --><\/div><!-- .row --><div class=\"row\"><div class=\"col-lg-6 col-md-6\"><div class=\"blog-inner\"><div class=\"post-thumb\"><img loading=\"lazy\" decoding=\"async\" height=\"600\" width=\"768\" class=\"img-fluid\" alt=\"&#8220;Renova inaugura exposi\u00e7\u00e3o de fotografia que retrata as bem-aventuran\u00e7as na Igreja do Castelo&#8221; &#8211; Eco\" src=\"https:\/\/igrejadocastelo.pt\/wp-content\/uploads\/2025\/06\/amor-causa-eco.jpg\"\/><\/div><!-- .post-thumb --><div class=\"post-details-outer\"><div class=\"top-meta clearfix\"><ul class=\"nav top-meta-list meta-left\"><li><div class=\"post-date\"><a href=\"https:\/\/igrejadocastelo.pt\/en\/2025\/05\/29\/\" ><i class=\"ti-calendar\"><\/i> 29\/05\/2025<\/a><\/div><\/li><\/ul><\/div><div class=\"entry-title\"><h4 class=\"post-title-head\"><a href=\"https:\/\/igrejadocastelo.pt\/en\/renova-inaugura-exposicao-de-fotografia-que-retrata-as-bem-aventurancas-na-igreja-do-castelo-eco\/\" class=\"post-title\">&#8220;Renova inaugura exposi\u00e7\u00e3o de fotografia que retrata as bem-aventuran\u00e7as na Igreja do Castelo&#8221; &#8211; Eco<\/a><\/h4><\/div><!-- .entry-title --><div class=\"bottom-meta clearfix\"><ul class=\"nav bottom-meta-list meta-left\"><li><div class=\"post-more\"><a class=\"read-more\" href=\"https:\/\/igrejadocastelo.pt\/en\/renova-inaugura-exposicao-de-fotografia-que-retrata-as-bem-aventurancas-na-igreja-do-castelo-eco\/\">Read More<\/a><\/div><\/li><\/ul><\/div><\/div><!-- .post-details-outer --><\/div><!-- .blog-inner --><\/div><!-- .col \/ .owl-carousel-item \/ .isotope --><div class=\"col-lg-6 col-md-6\"><div class=\"blog-inner\"><div class=\"post-thumb\"><img loading=\"lazy\" decoding=\"async\" height=\"600\" width=\"768\" class=\"img-fluid\" alt=\"&#8220;Fran\u00e7ois Rousseau-Bem Aventuran\u00e7as&#8221; &#8211; Agenda Cultural de Lisboa\" src=\"https:\/\/igrejadocastelo.pt\/wp-content\/uploads\/2025\/06\/francois-rousseau-amorcausa.jpg\"\/><\/div><!-- .post-thumb --><div class=\"post-details-outer\"><div class=\"top-meta clearfix\"><ul class=\"nav top-meta-list meta-left\"><li><div class=\"post-date\"><a href=\"https:\/\/igrejadocastelo.pt\/en\/2025\/05\/29\/\" ><i class=\"ti-calendar\"><\/i> 29\/05\/2025<\/a><\/div><\/li><\/ul><\/div><div class=\"entry-title\"><h4 class=\"post-title-head\"><a href=\"https:\/\/igrejadocastelo.pt\/en\/francois-rousseau-bem-aventurancas-agenda-cultural-de-lisboa\/\" class=\"post-title\">&#8220;Fran\u00e7ois Rousseau-Bem Aventuran\u00e7as&#8221; &#8211; Agenda Cultural de Lisboa<\/a><\/h4><\/div><!-- .entry-title --><div class=\"bottom-meta clearfix\"><ul class=\"nav bottom-meta-list meta-left\"><li><div class=\"post-more\"><a class=\"read-more\" href=\"https:\/\/igrejadocastelo.pt\/en\/francois-rousseau-bem-aventurancas-agenda-cultural-de-lisboa\/\">Read More<\/a><\/div><\/li><\/ul><\/div><\/div><!-- .post-details-outer --><\/div><!-- .blog-inner --><\/div><!-- .col \/ .owl-carousel-item \/ .isotope --><\/div><!-- .row -->\t\t\t\r\n\t\t<\/div>\r\n\t\t\t\t<\/div>\n\t\t\t\t\t<\/div>\n\t\t<\/div>\n\t\t\t\t\t<\/div>\n\t\t<\/section>\n\t\t\t\t<\/div>","protected":false},"excerpt":{"rendered":"<p>Oct 21, 2019 Giving Back \u2013 Uganda Training Centers Read More Oct 21, 2019 Spirit Of The Lord Is, From The New Life Read More Apr 19, 2019 Pray for Help to Save Mattia\u2019s Life Read More Apr 19, 2019 Families During National Adoption Month Read More Apr 19, 2019 We wept with our sisters<\/p>","protected":false},"author":1,"featured_media":0,"parent":0,"menu_order":0,"comment_status":"closed","ping_status":"closed","template":"","meta":{"footnotes":""},"class_list":["post-20501","page","type-page","status-publish","hentry"],"_links":{"self":[{"href":"https:\/\/igrejadocastelo.pt\/en\/wp-json\/wp\/v2\/pages\/20501","targetHints":{"allow":["GET"]}}],"collection":[{"href":"https:\/\/igrejadocastelo.pt\/en\/wp-json\/wp\/v2\/pages"}],"about":[{"href":"https:\/\/igrejadocastelo.pt\/en\/wp-json\/wp\/v2\/types\/page"}],"author":[{"embeddable":true,"href":"https:\/\/igrejadocastelo.pt\/en\/wp-json\/wp\/v2\/users\/1"}],"replies":[{"embeddable":true,"href":"https:\/\/igrejadocastelo.pt\/en\/wp-json\/wp\/v2\/comments?post=20501"}],"version-history":[{"count":0,"href":"https:\/\/igrejadocastelo.pt\/en\/wp-json\/wp\/v2\/pages\/20501\/revisions"}],"wp:attachment":[{"href":"https:\/\/igrejadocastelo.pt\/en\/wp-json\/wp\/v2\/media?parent=20501"}],"curies":[{"name":"wp","href":"https:\/\/api.w.org\/{rel}","templated":true}]}}